{"id":2415,"date":"2026-04-22T09:18:51","date_gmt":"2026-04-22T08:18:51","guid":{"rendered":"https:\/\/desidedatum.com\/?post_type=service&#038;p=2415"},"modified":"2026-04-22T08:49:02","modified_gmt":"2026-04-22T07:49:02","slug":"intelligencia-artificial-responsable","status":"publish","type":"service","link":"https:\/\/desidedatum.com\/ca\/servei\/intelligencia-artificial-responsable\/","title":{"rendered":"Intel\u00b7lig\u00e8ncia Artificial responsable"},"content":{"rendered":"\n<div class=\"wp-block-group is-layout-constrained wp-block-group-is-layout-constrained\">\n<p>La nostra consultoria especialitzada permet desplegar solucions d&#8217;IA robustes i responsables. Per garantir l&#8217;\u00e8xit, estructurem els nostres projectes en els seg\u00fcents eixos estrat\u00e8gics:<\/p>\n\n\n\n<div class=\"wp-block-group is-layout-constrained wp-block-group-is-layout-constrained\">\n<div class=\"wp-block-pb-accordion-item c-accordion__item js-accordion-item no-js\" data-initially-open=\"false\" data-click-to-close=\"true\" data-auto-close=\"true\" data-scroll=\"false\" data-scroll-offset=\"0\"><h2 id=\"at-24150\" class=\"c-accordion__title js-accordion-controller\" role=\"button\"><strong>Govern de la Dada per a la IA<\/strong>:<\/h2><div id=\"ac-24150\" class=\"c-accordion__content\">\n<p>Duem a terme projectes d<strong>&#8216;<a href=\"https:\/\/desidedatum.com\/service\/analitica-de-datos\/\">anal\u00edtica avan\u00e7ada de dades<\/a><\/strong> amb l&#8217;objectiu de preveure necessitats i detectar oportunitats estrat\u00e8giques. D&#8217;aquesta manera, ajudem les organitzacions a avan\u00e7ar-se a potencials problemes operatius mitjan\u00e7ant models predictius d&#8217;alta precisi\u00f3.<\/p>\n<\/div><\/div>\n\n\n\n<div class=\"wp-block-pb-accordion-item c-accordion__item js-accordion-item no-js\" data-initially-open=\"false\" data-click-to-close=\"true\" data-auto-close=\"true\" data-scroll=\"false\" data-scroll-offset=\"0\"><h2 id=\"at-24151\" class=\"c-accordion__title js-accordion-controller\" role=\"button\"><strong>Qualitat de la Dada per a la IA<\/strong>:<\/h2><div id=\"ac-24151\" class=\"c-accordion__content\">\n<p>La fiabilitat d&#8217;un model dep\u00e8n directament de les seves fonts. Per aquesta ra\u00f3, ens encarreguem de l&#8217;avaluaci\u00f3 i implementaci\u00f3 de controls exhaustius. A m\u00e9s, assegurem la m\u00e0xima qualitat de les dades utilitzades en l&#8217;entrenament d&#8217;aplicacions d&#8217;IA, minimitzant biaixos i errors.<\/p>\n<\/div><\/div>\n\n\n\n<div class=\"wp-block-pb-accordion-item c-accordion__item js-accordion-item no-js\" data-initially-open=\"false\" data-click-to-close=\"true\" data-auto-close=\"true\" data-scroll=\"false\" data-scroll-offset=\"0\"><h2 id=\"at-24152\" class=\"c-accordion__title js-accordion-controller\" role=\"button\"><strong>Avaluaci\u00f3 i \u00e8tica<\/strong>:<\/h2><div id=\"ac-24152\" class=\"c-accordion__content\">\n<p>Som especialistes en l&#8217;avaluaci\u00f3 d&#8217;algoritmes segons els est\u00e0ndards de l&#8217;<strong>EU AI Act<\/strong>. Actualment, establim nivells de risc precisos i desenvolupem projectes centrats en l&#8217;\u00e8tica de la IA. Garantim que l&#8217;\u00fas de la tecnologia sigui transparent, segur i compleixi la normativa europea.<\/p>\n\n\n\n<h2 class=\"wp-block-heading\"><strong>Estrat\u00e8gia d\u2019IA<\/strong>: <\/h2>\n\n\n\n<p class=\"justificado\" id=\"block-33d20741-b635-4865-adfb-7441c5cd57d5\">La IA ha d\u2019estar regida per un <strong>marc estrat\u00e8gic<\/strong> dins de les organitzacions que permeti assegurar que es garanteixen els usos de la IA pels objectius marcats per l\u2019empresa. Aix\u00ed com que s\u2019alineen les noves iniciatives basades en IA a les directrius de l\u2019ortanitzaci\u00f3.<\/p>\n<\/div><\/div>\n\n\n\n<div class=\"wp-block-pb-accordion-item c-accordion__item js-accordion-item no-js\" data-initially-open=\"false\" data-click-to-close=\"true\" data-auto-close=\"true\" data-scroll=\"false\" data-scroll-offset=\"0\"><h2 id=\"at-24153\" class=\"c-accordion__title js-accordion-controller\" role=\"button\"><strong>Dades sint\u00e8tiques<\/strong>:<\/h2><div id=\"ac-24153\" class=\"c-accordion__content\">\n<p>En entorns on la informaci\u00f3 \u00e9s escassa o sensible, apliquem t\u00e8cniques de<strong> dades sint\u00e8tiques<\/strong>. Gr\u00e0cies a aquest proc\u00e9s, permetem entrenar sistemes d&#8217;IA de forma eficient fins i tot quan les dades s\u00f3n dif\u00edcils d&#8217;obtenir, garantint sempre la privadesa i la innovaci\u00f3.<\/p>\n<\/div><\/div>\n\n\n\n<figure class=\"wp-block-image size-full\"><img data-dominant-color=\"c0babe\" data-has-transparency=\"false\" style=\"--dominant-color: #c0babe;\" loading=\"lazy\" decoding=\"async\" width=\"2560\" height=\"1707\" src=\"https:\/\/desidedatum.com\/wp-content\/uploads\/2024\/10\/oficina-68-1-scaled.webp\" alt=\"\" class=\"not-transparent wp-image-1481\" srcset=\"https:\/\/desidedatum.com\/wp-content\/uploads\/2024\/10\/oficina-68-1-scaled.webp 2560w, https:\/\/desidedatum.com\/wp-content\/uploads\/2024\/10\/oficina-68-1-1280x853.webp 1280w, https:\/\/desidedatum.com\/wp-content\/uploads\/2024\/10\/oficina-68-1-1920x1280.webp 1920w, https:\/\/desidedatum.com\/wp-content\/uploads\/2024\/10\/oficina-68-1-768x512.webp 768w, https:\/\/desidedatum.com\/wp-content\/uploads\/2024\/10\/oficina-68-1-1536x1024.webp 1536w, https:\/\/desidedatum.com\/wp-content\/uploads\/2024\/10\/oficina-68-1-2048x1365.webp 2048w\" sizes=\"auto, (max-width: 2560px) 100vw, 2560px\" \/><\/figure>\n\n\n\n<div class=\"related-news-block pt-32 pb-24\">\n\n\t<div class=\"sm:flex sm:justify-between mb-6 lg:mb-10 sm:items-center\">\n        \n        <h2 class=\"title-3 mb-0 leading-none\">Not\u00edcies relacionades<\/h2>\n\n        \n        <a class=\"arrow-right-after leading-none mb-1 md:mb-2\" href=\"https:\/\/desidedatum.com\/ca\/blog\/\">\n\n            Veure&#8217;n m\u00e9s                \n        <\/a>\n\n    <\/div>\n\n    <ul class=\"related-list -mx-2 lg:flex mb-4 lg:mb-0\">\n        \n        <li class=\"px-2 w-full lg:w-1\/2 mb-4\">\n\n    <a class=\"hover-blend-multiply\" href=\"https:\/\/desidedatum.com\/ca\/no-cal-gestionar-les-dades-cal-espavilar-se\/\" rel=\"bookmark\" title=\"No cal gestionar les dades, cal espavilar-se!\">\n\n        <div class=\"flex\">\n            \n            <div class=\"w-1\/2 flex\">\n                \n                <div class=\"entry-thumb ratio-related\">\n            \n                    <div class=\"absolute inset-0 bg-brand z-0\"><\/div>\n\n                    <div class=\"entry-thumb-background blend\">\n                        \n                        \t\t\n\t\t<img decoding=\"async\" class=\"w-full h-full object-cover\" src=\"https:\/\/desidedatum.com\/wp-content\/uploads\/2023\/12\/imagen.png\" alt=\"\">\n\n\n                    <\/div>\n\n                <\/div>\n\n            <\/div>\n\n            <div class=\"w-1\/2 bg-black text-light-gray flex p-5 2xl:p-7\">\n                \n                <div>\n\n                    <div>11 de desembre de 2023<\/div>\n\n                    <h3 class=\"font-bold\">No cal gestionar les dades, cal espavilar-se!<\/h3>\n\n                <\/div>\n                \n            <\/div>\n\n        <\/div>\n\n    <\/a>\n    \n<\/li>\n    <\/ul>\n\n<\/div>\n\n\n\n\n\n\n<h2 class=\"wp-block-heading\"><\/h2>\n<\/div>\n\n\n\n<figure class=\"wp-block-image size-full\"><img loading=\"lazy\" decoding=\"async\" width=\"2560\" height=\"1707\" src=\"https:\/\/desidedatum.com\/wp-content\/uploads\/2024\/10\/oficina-68-1-scaled.webp\" alt=\"\" class=\"wp-image-1482\" srcset=\"https:\/\/desidedatum.com\/wp-content\/uploads\/2024\/10\/oficina-68-1-scaled.webp 2560w, https:\/\/desidedatum.com\/wp-content\/uploads\/2024\/10\/oficina-68-1-1280x853.webp 1280w, https:\/\/desidedatum.com\/wp-content\/uploads\/2024\/10\/oficina-68-1-1920x1280.webp 1920w, https:\/\/desidedatum.com\/wp-content\/uploads\/2024\/10\/oficina-68-1-768x512.webp 768w, https:\/\/desidedatum.com\/wp-content\/uploads\/2024\/10\/oficina-68-1-1536x1024.webp 1536w, https:\/\/desidedatum.com\/wp-content\/uploads\/2024\/10\/oficina-68-1-2048x1365.webp 2048w\" sizes=\"auto, (max-width: 2560px) 100vw, 2560px\" \/><\/figure>\n\n\n\n<div class=\"related-news-block pt-32 pb-24\">\n\n\t<div class=\"sm:flex sm:justify-between mb-6 lg:mb-10 sm:items-center\">\n        \n        <h2 class=\"title-3 mb-0 leading-none\">Not\u00edcies relacionades<\/h2>\n\n        \n        <a class=\"arrow-right-after leading-none mb-1 md:mb-2\" href=\"https:\/\/desidedatum.com\/ca\/blog\/\">\n\n            Veure&#8217;n m\u00e9s                \n        <\/a>\n\n    <\/div>\n\n    <ul class=\"related-list -mx-2 lg:flex mb-4 lg:mb-0\">\n        \n        <li class=\"px-2 w-full lg:w-1\/2 mb-4\">\n\n    <a class=\"hover-blend-multiply\" href=\"https:\/\/desidedatum.com\/ca\/no-cal-gestionar-les-dades-cal-espavilar-se\/\" rel=\"bookmark\" title=\"No cal gestionar les dades, cal espavilar-se!\">\n\n        <div class=\"flex\">\n            \n            <div class=\"w-1\/2 flex\">\n                \n                <div class=\"entry-thumb ratio-related\">\n            \n                    <div class=\"absolute inset-0 bg-brand z-0\"><\/div>\n\n                    <div class=\"entry-thumb-background blend\">\n                        \n                        \t\t\n\t\t<img decoding=\"async\" class=\"w-full h-full object-cover\" src=\"https:\/\/desidedatum.com\/wp-content\/uploads\/2023\/12\/imagen.png\" alt=\"\">\n\n\n                    <\/div>\n\n                <\/div>\n\n            <\/div>\n\n            <div class=\"w-1\/2 bg-black text-light-gray flex p-5 2xl:p-7\">\n                \n                <div>\n\n                    <div>11 de desembre de 2023<\/div>\n\n                    <h3 class=\"font-bold\">No cal gestionar les dades, cal espavilar-se!<\/h3>\n\n                <\/div>\n                \n            <\/div>\n\n        <\/div>\n\n    <\/a>\n    \n<\/li>\n    <\/ul>\n\n<\/div>\n\n\n\n\n\n\n<h2 class=\"wp-block-heading\"><\/h2>\n<\/div>\n","protected":false},"featured_media":0,"template":"","class_list":["post-2415","service","type-service","status-publish","hentry"],"acf":[],"aioseo_notices":[],"yoast_head":"<!-- This site is optimized with the Yoast SEO plugin v20.2.1 - https:\/\/yoast.com\/wordpress\/plugins\/seo\/ -->\n<title>Intel\u00b7lig\u00e8ncia Artificial responsable - DesideDatum<\/title>\n<meta name=\"description\" content=\"Experts en Govern i \u00c8tica de la IA. Auditoria EU AI Act, Qualitat de la Dada i Dades Sint\u00e8tiques per a projectes d&#039;Intel\u00b7lig\u00e8ncia Artificial segurs i escalables.\" \/>\n<meta name=\"robots\" content=\"index, follow, max-snippet:-1, max-image-preview:large, max-video-preview:-1\" \/>\n<link rel=\"canonical\" href=\"https:\/\/desidedatum.com\/ca\/servei\/intelligencia-artificial-responsable\/\" \/>\n<meta property=\"og:locale\" content=\"ca_ES\" \/>\n<meta property=\"og:type\" content=\"article\" \/>\n<meta property=\"og:title\" content=\"Intel\u00b7lig\u00e8ncia Artificial responsable - DesideDatum\" \/>\n<meta property=\"og:description\" content=\"Experts en Govern i \u00c8tica de la IA. Auditoria EU AI Act, Qualitat de la Dada i Dades Sint\u00e8tiques per a projectes d&#039;Intel\u00b7lig\u00e8ncia Artificial segurs i escalables.\" \/>\n<meta property=\"og:url\" content=\"https:\/\/desidedatum.com\/ca\/servei\/intelligencia-artificial-responsable\/\" \/>\n<meta property=\"og:site_name\" content=\"DesideDatum\" \/>\n<meta property=\"article:modified_time\" content=\"2026-04-22T07:49:02+00:00\" \/>\n<meta property=\"og:image\" content=\"https:\/\/desidedatum.com\/wp-content\/uploads\/2024\/10\/oficina-68-1-scaled.webp\" \/>\n<meta name=\"twitter:card\" content=\"summary_large_image\" \/>\n<meta name=\"twitter:site\" content=\"@desidedatum\" \/>\n<meta name=\"twitter:label1\" content=\"Temps estimat de lectura\" \/>\n\t<meta name=\"twitter:data1\" content=\"2 minuts\" \/>\n<script type=\"application\/ld+json\" class=\"yoast-schema-graph\">{\"@context\":\"https:\/\/schema.org\",\"@graph\":[{\"@type\":\"WebPage\",\"@id\":\"https:\/\/desidedatum.com\/ca\/servei\/intelligencia-artificial-responsable\/\",\"url\":\"https:\/\/desidedatum.com\/ca\/servei\/intelligencia-artificial-responsable\/\",\"name\":\"Intel\u00b7lig\u00e8ncia Artificial responsable - DesideDatum\",\"isPartOf\":{\"@id\":\"https:\/\/desidedatum.com\/#website\"},\"datePublished\":\"2026-04-22T08:18:51+00:00\",\"dateModified\":\"2026-04-22T07:49:02+00:00\",\"description\":\"Experts en Govern i \u00c8tica de la IA. Auditoria EU AI Act, Qualitat de la Dada i Dades Sint\u00e8tiques per a projectes d'Intel\u00b7lig\u00e8ncia Artificial segurs i escalables.\",\"inLanguage\":\"ca\",\"potentialAction\":[{\"@type\":\"ReadAction\",\"target\":[\"https:\/\/desidedatum.com\/ca\/servei\/intelligencia-artificial-responsable\/\"]}]},{\"@type\":\"WebSite\",\"@id\":\"https:\/\/desidedatum.com\/#website\",\"url\":\"https:\/\/desidedatum.com\/\",\"name\":\"DesideDatum\",\"description\":\"\",\"potentialAction\":[{\"@type\":\"SearchAction\",\"target\":{\"@type\":\"EntryPoint\",\"urlTemplate\":\"https:\/\/desidedatum.com\/?s={search_term_string}\"},\"query-input\":\"required name=search_term_string\"}],\"inLanguage\":\"ca\"}]}<\/script>\n<!-- \/ Yoast SEO plugin. -->","yoast_head_json":{"title":"Intel\u00b7lig\u00e8ncia Artificial responsable - DesideDatum","description":"Experts en Govern i \u00c8tica de la IA. Auditoria EU AI Act, Qualitat de la Dada i Dades Sint\u00e8tiques per a projectes d'Intel\u00b7lig\u00e8ncia Artificial segurs i escalables.","robots":{"index":"index","follow":"follow","max-snippet":"max-snippet:-1","max-image-preview":"max-image-preview:large","max-video-preview":"max-video-preview:-1"},"canonical":"https:\/\/desidedatum.com\/ca\/servei\/intelligencia-artificial-responsable\/","og_locale":"ca_ES","og_type":"article","og_title":"Intel\u00b7lig\u00e8ncia Artificial responsable - DesideDatum","og_description":"Experts en Govern i \u00c8tica de la IA. Auditoria EU AI Act, Qualitat de la Dada i Dades Sint\u00e8tiques per a projectes d'Intel\u00b7lig\u00e8ncia Artificial segurs i escalables.","og_url":"https:\/\/desidedatum.com\/ca\/servei\/intelligencia-artificial-responsable\/","og_site_name":"DesideDatum","article_modified_time":"2026-04-22T07:49:02+00:00","og_image":[{"url":"https:\/\/desidedatum.com\/wp-content\/uploads\/2024\/10\/oficina-68-1-scaled.webp"}],"twitter_card":"summary_large_image","twitter_site":"@desidedatum","twitter_misc":{"Temps estimat de lectura":"2 minuts"},"schema":{"@context":"https:\/\/schema.org","@graph":[{"@type":"WebPage","@id":"https:\/\/desidedatum.com\/ca\/servei\/intelligencia-artificial-responsable\/","url":"https:\/\/desidedatum.com\/ca\/servei\/intelligencia-artificial-responsable\/","name":"Intel\u00b7lig\u00e8ncia Artificial responsable - DesideDatum","isPartOf":{"@id":"https:\/\/desidedatum.com\/#website"},"datePublished":"2026-04-22T08:18:51+00:00","dateModified":"2026-04-22T07:49:02+00:00","description":"Experts en Govern i \u00c8tica de la IA. Auditoria EU AI Act, Qualitat de la Dada i Dades Sint\u00e8tiques per a projectes d'Intel\u00b7lig\u00e8ncia Artificial segurs i escalables.","inLanguage":"ca","potentialAction":[{"@type":"ReadAction","target":["https:\/\/desidedatum.com\/ca\/servei\/intelligencia-artificial-responsable\/"]}]},{"@type":"WebSite","@id":"https:\/\/desidedatum.com\/#website","url":"https:\/\/desidedatum.com\/","name":"DesideDatum","description":"","potentialAction":[{"@type":"SearchAction","target":{"@type":"EntryPoint","urlTemplate":"https:\/\/desidedatum.com\/?s={search_term_string}"},"query-input":"required name=search_term_string"}],"inLanguage":"ca"}]}},"_links":{"self":[{"href":"https:\/\/desidedatum.com\/ca\/wp-json\/wp\/v2\/service\/2415","targetHints":{"allow":["GET"]}}],"collection":[{"href":"https:\/\/desidedatum.com\/ca\/wp-json\/wp\/v2\/service"}],"about":[{"href":"https:\/\/desidedatum.com\/ca\/wp-json\/wp\/v2\/types\/service"}],"wp:attachment":[{"href":"https:\/\/desidedatum.com\/ca\/wp-json\/wp\/v2\/media?parent=2415"}],"curies":[{"name":"wp","href":"https:\/\/api.w.org\/{rel}","templated":true}]}}